{"id":19,"date":"2021-03-05T12:51:04","date_gmt":"2021-03-05T12:51:04","guid":{"rendered":"https:\/\/rakovic.rs\/home\/"},"modified":"2025-12-12T19:09:36","modified_gmt":"2025-12-12T19:09:36","slug":"home","status":"publish","type":"page","link":"https:\/\/rakovic.rs\/en\/","title":{"rendered":"Home"},"content":{"rendered":"<div data-elementor-type=\"wp-page\" data-elementor-id=\"19\" class=\"elementor elementor-19\">\n\t\t\t\t\t\t<section class=\"elementor-section elementor-top-section elementor-element elementor-element-8d83d04 elementor-section-boxed elementor-section-height-default elementor-section-height-default\" data-id=\"8d83d04\" data-element_type=\"section\" data-settings=\"{&quot;background_background&quot;:&quot;classic&quot;}\">\n\t\t\t\t\t\t<div class=\"elementor-container elementor-column-gap-no\">\n\t\t\t\t\t<div class=\"elementor-column elementor-col-100 elementor-top-column elementor-element elementor-element-1106e9c\" data-id=\"1106e9c\" data-element_type=\"column\">\n\t\t\t<div class=\"elementor-widget-wrap elementor-element-populated\">\n\t\t\t\t\t\t<div class=\"elementor-element elementor-element-7c14167 elementor-widget elementor-widget-heading\" data-id=\"7c14167\" data-element_type=\"widget\" data-widget_type=\"heading.default\">\n\t\t\t\t<div class=\"elementor-widget-container\">\n\t\t\t\t\t<h1 class=\"elementor-heading-title elementor-size-default\">ALEKSANDAR RAKOVI\u0106<\/h1>\t\t\t\t<\/div>\n\t\t\t\t<\/div>\n\t\t\t\t<div class=\"elementor-element elementor-element-58e499f elementor-mobile-align-center elementor-widget elementor-widget-button\" data-id=\"58e499f\" data-element_type=\"widget\" data-widget_type=\"button.default\">\n\t\t\t\t<div class=\"elementor-widget-container\">\n\t\t\t\t\t\t\t\t\t<div class=\"elementor-button-wrapper\">\n\t\t\t\t\t<a class=\"elementor-button elementor-button-link elementor-size-sm\" href=\"#Rakovic\">\n\t\t\t\t\t\t<span class=\"elementor-button-content-wrapper\">\n\t\t\t\t\t\t\t\t\t<span class=\"elementor-button-text\">READ MORE<\/span>\n\t\t\t\t\t<\/span>\n\t\t\t\t\t<\/a>\n\t\t\t\t<\/div>\n\t\t\t\t\t\t\t\t<\/div>\n\t\t\t\t<\/div>\n\t\t\t\t<div class=\"elementor-element elementor-element-d4f5666 elementor-widget elementor-widget-heading\" data-id=\"d4f5666\" data-element_type=\"widget\" data-widget_type=\"heading.default\">\n\t\t\t\t<div class=\"elementor-widget-container\">\n\t\t\t\t\t<p class=\"elementor-heading-title elementor-size-default\">Photo: UNS<\/p>\t\t\t\t<\/div>\n\t\t\t\t<\/div>\n\t\t\t\t\t<\/div>\n\t\t<\/div>\n\t\t\t\t\t<\/div>\n\t\t<\/section>\n\t\t\t\t<section class=\"elementor-section elementor-top-section elementor-element elementor-element-331dc24 elementor-section-boxed elementor-section-height-default elementor-section-height-default\" data-id=\"331dc24\" data-element_type=\"section\">\n\t\t\t\t\t\t<div class=\"elementor-container elementor-column-gap-default\">\n\t\t\t\t\t<div class=\"elementor-column elementor-col-100 elementor-top-column elementor-element elementor-element-4bf2edd\" data-id=\"4bf2edd\" data-element_type=\"column\">\n\t\t\t<div class=\"elementor-widget-wrap elementor-element-populated\">\n\t\t\t\t\t\t<div class=\"elementor-element elementor-element-c3dbf47 elementor-widget elementor-widget-spacer\" data-id=\"c3dbf47\" data-element_type=\"widget\" data-widget_type=\"spacer.default\">\n\t\t\t\t<div class=\"elementor-widget-container\">\n\t\t\t\t\t\t\t<div class=\"elementor-spacer\">\n\t\t\t<div class=\"elementor-spacer-inner\"><\/div>\n\t\t<\/div>\n\t\t\t\t\t\t<\/div>\n\t\t\t\t<\/div>\n\t\t\t\t<div class=\"elementor-element elementor-element-f0a456b elementor-widget elementor-widget-heading\" data-id=\"f0a456b\" data-element_type=\"widget\" data-widget_type=\"heading.default\">\n\t\t\t\t<div class=\"elementor-widget-container\">\n\t\t\t\t\t<h2 class=\"elementor-heading-title elementor-size-default\">rakovic.rs | \u0440\u0430\u043a\u043e\u0432\u0438\u045b.\u0441\u0440\u0431<\/h2>\t\t\t\t<\/div>\n\t\t\t\t<\/div>\n\t\t\t\t\t<\/div>\n\t\t<\/div>\n\t\t\t\t\t<\/div>\n\t\t<\/section>\n\t\t\t\t<section class=\"elementor-section elementor-top-section elementor-element elementor-element-124b894 elementor-section-boxed elementor-section-height-default elementor-section-height-default\" data-id=\"124b894\" data-element_type=\"section\" id=\"Rakovic\" data-settings=\"{&quot;background_background&quot;:&quot;classic&quot;}\">\n\t\t\t\t\t\t<div class=\"elementor-container elementor-column-gap-no\">\n\t\t\t\t\t<div class=\"elementor-column elementor-col-100 elementor-top-column elementor-element elementor-element-b4dad19\" data-id=\"b4dad19\" data-element_type=\"column\">\n\t\t\t<div class=\"elementor-widget-wrap elementor-element-populated\">\n\t\t\t\t\t\t<section class=\"elementor-section elementor-inner-section elementor-element elementor-element-16ef59d elementor-section-content-middle elementor-reverse-tablet elementor-reverse-mobile elementor-section-boxed elementor-section-height-default elementor-section-height-default\" data-id=\"16ef59d\" data-element_type=\"section\">\n\t\t\t\t\t\t<div class=\"elementor-container elementor-column-gap-no\">\n\t\t\t\t\t<div class=\"elementor-column elementor-col-50 elementor-inner-column elementor-element elementor-element-a209a65\" data-id=\"a209a65\" data-element_type=\"column\">\n\t\t\t<div class=\"elementor-widget-wrap elementor-element-populated\">\n\t\t\t\t\t\t<div class=\"elementor-element elementor-element-ba228c2 elementor-widget elementor-widget-heading\" data-id=\"ba228c2\" data-element_type=\"widget\" data-widget_type=\"heading.default\">\n\t\t\t\t<div class=\"elementor-widget-container\">\n\t\t\t\t\t<h3 class=\"elementor-heading-title elementor-size-default\">BIOGRAPHY<\/h3>\t\t\t\t<\/div>\n\t\t\t\t<\/div>\n\t\t\t\t<div class=\"elementor-element elementor-element-2d2eb53 elementor-widget elementor-widget-text-editor\" data-id=\"2d2eb53\" data-element_type=\"widget\" data-widget_type=\"text-editor.default\">\n\t\t\t\t<div class=\"elementor-widget-container\">\n\t\t\t\t\t\t\t\t\t<p>Aleksandar Rakovi\u0107 (Belgrade, Serbia, 1972) received BA, MA and PhD degrees in history at the Faculty of Philosophy, University of Belgrade.<\/p>\t\t\t\t\t\t\t\t<\/div>\n\t\t\t\t<\/div>\n\t\t\t\t<div class=\"elementor-element elementor-element-38eddc6 elementor-widget elementor-widget-text-editor\" data-id=\"38eddc6\" data-element_type=\"widget\" data-widget_type=\"text-editor.default\">\n\t\t\t\t<div class=\"elementor-widget-container\">\n\t\t\t\t\t\t\t\t\t<p class=\"translation-block\">He defended his magister's thesis <em> Yugoslav Public and the Irish Revolution 1916-1923 <\/em> on July 10, 2007 at the Department of History (History of Yugoslavia). On January 18, 2011 he defended his doctoral dissertation <em> Rock and Roll in Yugoslavia 1956-1968. A Challenge to a Socialist Society <\/em>, also at the Department of History (History of Yugoslavia).<\/p>\t\t\t\t\t\t\t\t<\/div>\n\t\t\t\t<\/div>\n\t\t\t\t<div class=\"elementor-element elementor-element-382e24f elementor-widget elementor-widget-text-editor\" data-id=\"382e24f\" data-element_type=\"widget\" data-widget_type=\"text-editor.default\">\n\t\t\t\t<div class=\"elementor-widget-container\">\n\t\t\t\t\t\t\t\t\t<p><strong>He is a Principal Research Fellow at the Institute for Recent History of Serbia in Belgrade.<\/strong><\/p>\t\t\t\t\t\t\t\t<\/div>\n\t\t\t\t<\/div>\n\t\t\t\t<div class=\"elementor-element elementor-element-0e7bc06 elementor-widget elementor-widget-text-editor\" data-id=\"0e7bc06\" data-element_type=\"widget\" data-widget_type=\"text-editor.default\">\n\t\t\t\t<div class=\"elementor-widget-container\">\n\t\t\t\t\t\t\t\t\t<p>He teaches at the Diplomatic Academy of the Ministry of Foreign Affairs of the Republic of Serbia on courses Diplomatic History of Serbia and Basics of the Political System of Serbia. He is a curriculum coordinator of Diplomatic History of Serbia in the 20th century.<\/p>\t\t\t\t\t\t\t\t<\/div>\n\t\t\t\t<\/div>\n\t\t\t\t\t<\/div>\n\t\t<\/div>\n\t\t\t\t<div class=\"elementor-column elementor-col-50 elementor-inner-column elementor-element elementor-element-9b43521\" data-id=\"9b43521\" data-element_type=\"column\">\n\t\t\t<div class=\"elementor-widget-wrap elementor-element-populated\">\n\t\t\t\t\t\t<div class=\"elementor-element elementor-element-d225d31 elementor-widget elementor-widget-image\" data-id=\"d225d31\" data-element_type=\"widget\" data-widget_type=\"image.default\">\n\t\t\t\t<div class=\"elementor-widget-container\">\n\t\t\t\t\t\t\t\t\t\t\t\t<figure class=\"wp-caption\">\n\t\t\t\t\t\t\t\t\t\t<img fetchpriority=\"high\" decoding=\"async\" width=\"1202\" height=\"1516\" src=\"https:\/\/rakovic.rs\/wp-content\/uploads\/2023\/03\/ARInstitut.jpg\" class=\"attachment-full size-full wp-image-1578\" alt=\"\" srcset=\"https:\/\/rakovic.rs\/wp-content\/uploads\/2023\/03\/ARInstitut.jpg 1202w, https:\/\/rakovic.rs\/wp-content\/uploads\/2023\/03\/ARInstitut-238x300.jpg 238w, https:\/\/rakovic.rs\/wp-content\/uploads\/2023\/03\/ARInstitut-812x1024.jpg 812w, https:\/\/rakovic.rs\/wp-content\/uploads\/2023\/03\/ARInstitut-768x969.jpg 768w\" sizes=\"(max-width: 1202px) 100vw, 1202px\" \/>\t\t\t\t\t\t\t\t\t\t\t<figcaption class=\"widget-image-caption wp-caption-text\">Photo: INIS<\/figcaption>\n\t\t\t\t\t\t\t\t\t\t<\/figure>\n\t\t\t\t\t\t\t\t\t<\/div>\n\t\t\t\t<\/div>\n\t\t\t\t\t<\/div>\n\t\t<\/div>\n\t\t\t\t\t<\/div>\n\t\t<\/section>\n\t\t\t\t\t<\/div>\n\t\t<\/div>\n\t\t\t\t\t<\/div>\n\t\t<\/section>\n\t\t\t\t<section class=\"elementor-section elementor-top-section elementor-element elementor-element-8710c71 elementor-section-boxed elementor-section-height-default elementor-section-height-default\" data-id=\"8710c71\" data-element_type=\"section\">\n\t\t\t\t\t\t<div class=\"elementor-container elementor-column-gap-default\">\n\t\t\t\t\t<div class=\"elementor-column elementor-col-100 elementor-top-column elementor-element elementor-element-7b0681b\" data-id=\"7b0681b\" data-element_type=\"column\">\n\t\t\t<div class=\"elementor-widget-wrap elementor-element-populated\">\n\t\t\t\t\t\t<div class=\"elementor-element elementor-element-94d04cf elementor-widget elementor-widget-heading\" data-id=\"94d04cf\" data-element_type=\"widget\" data-widget_type=\"heading.default\">\n\t\t\t\t<div class=\"elementor-widget-container\">\n\t\t\t\t\t<h4 class=\"elementor-heading-title elementor-size-default\">He is the author of twelve books:<\/h4>\t\t\t\t<\/div>\n\t\t\t\t<\/div>\n\t\t\t\t<div class=\"elementor-element elementor-element-2c247fb elementor-widget elementor-widget-text-editor\" data-id=\"2c247fb\" data-element_type=\"widget\" data-widget_type=\"text-editor.default\">\n\t\t\t\t<div class=\"elementor-widget-container\">\n\t\t\t\t\t\t\t\t\t<h6><span style=\"white-space-collapse: preserve;\">1. Yugoslavs and the Irish Revolution 1916\u20131923 (Belgrade: Slu\u017ebeni glasnik, 2009) [in Serbian].<\/span><\/h6>\n<h6><span style=\"white-space-collapse: preserve;\">2. The University and Serbian Theology: The Historical and Educational Context of the Establishment of the Faculty of Orthodox Theology in Belgrade (Belgrade: Faculty of Orthodox Theology, 2010; second edition, 2014) (with Bogoljub \u0160ijakovi\u0107) [in Serbian].<\/span><\/h6>\n<h6><span style=\"white-space-collapse: preserve;\">3. Rock and Roll in Yugoslavia 1956\u20131968. A Challenge to the Socialist Society (Belgrade: Arhipelag, 2011) [in Serbian].<\/span><\/h6>\n<h6><span style=\"white-space-collapse: preserve;\">4. Yugoslavia \u2013 Indonesia 1945\u20131967: research and documentation (Belgrade: Archives of Yugoslavia, 2014, auth &amp; ed with Ljubodrag Dimi\u0107 and Miladin Milo\u0161evi\u0107) [in Serbian]. <\/span><\/h6>\n<h6><span style=\"white-space-collapse: preserve;\">5. The University and Serbian Theology: The Historical and Educational Context of the Establishment of the Faculty of Orthodox Theology in Belgrade (Los Angeles: Sebastian Press, 2014) (with Bogoljub \u0160ijakovi\u0107) [in English]. <\/span><\/h6>\n<h6><span style=\"white-space-collapse: preserve;\">6. Serbs and Religious Interventionism 1991-2015: Political Aspects of Religious Challenges to the Serbian State and Church After the Breakup of Yugoslavia (Belgrade: Hri\u0161\u0107anski kulturni centar - Christian Cultural Center, 2015) [in Serbian]. <\/span><\/h6>\n<h6><span style=\"white-space-collapse: preserve;\">7. Yugoslavia \u2013 Indonesia 1945\u20131967: research and documentation (Belgrade-Jakarta: Archives of Yugoslavia, National Archives of Indonesia, 2015, auth &amp; ed with Ljubodrag Dimi\u0107 and Miladin Milo\u0161evi\u0107) [in English].<\/span><\/h6>\n<h6><span style=\"white-space-collapse: preserve;\">8. History, Religion, Politics (Belgrade: Ota\u010dnik, Pravoslavlje, Bernar, 2016) [in Serbian].<\/span><\/h6>\n<h6><span style=\"white-space-collapse: preserve;\">9. Montenegrin Separatism (Belgrade: Catena mundi, 2019) [in Serbian].<\/span><\/h6>\n<h6><span style=\"white-space-collapse: preserve;\">10. Yugoslavia and the Naturist Culture (Belgrade: Catena mundi, 2020) [in Serbian].<\/span><\/h6>\n<h6><span style=\"white-space-collapse: preserve;\">11. Serbdom and Orthodoxy. History, Religion, Politics II (Belgrade: Institute of European Studies, 2022) [in Serbian].<\/span><\/h6>\n<h6><span style=\"white-space-collapse: preserve;\">12. FC Red Star Belgrade 1945\u20132025 (Belgrade: FC Red Star, 2025) (with Branislav Joci\u0107 and Milan Simi\u0107) [in Serbian].<\/span><\/h6>\t\t\t\t\t\t\t\t<\/div>\n\t\t\t\t<\/div>\n\t\t\t\t\t<\/div>\n\t\t<\/div>\n\t\t\t\t\t<\/div>\n\t\t<\/section>\n\t\t\t\t<section class=\"elementor-section elementor-top-section elementor-element elementor-element-6a40dba elementor-section-boxed elementor-section-height-default elementor-section-height-default\" data-id=\"6a40dba\" data-element_type=\"section\" data-settings=\"{&quot;background_background&quot;:&quot;classic&quot;}\">\n\t\t\t\t\t\t<div class=\"elementor-container elementor-column-gap-default\">\n\t\t\t\t\t<div class=\"elementor-column elementor-col-100 elementor-top-column elementor-element elementor-element-1404cb5\" data-id=\"1404cb5\" data-element_type=\"column\" data-settings=\"{&quot;background_background&quot;:&quot;classic&quot;}\">\n\t\t\t<div class=\"elementor-widget-wrap elementor-element-populated\">\n\t\t\t\t\t\t<div class=\"elementor-element elementor-element-595fd04 elementor-widget elementor-widget-spacer\" data-id=\"595fd04\" data-element_type=\"widget\" data-widget_type=\"spacer.default\">\n\t\t\t\t<div class=\"elementor-widget-container\">\n\t\t\t\t\t\t\t<div class=\"elementor-spacer\">\n\t\t\t<div class=\"elementor-spacer-inner\"><\/div>\n\t\t<\/div>\n\t\t\t\t\t\t<\/div>\n\t\t\t\t<\/div>\n\t\t\t\t<div class=\"elementor-element elementor-element-53cfda3 elementor-widget elementor-widget-text-editor\" data-id=\"53cfda3\" data-element_type=\"widget\" data-widget_type=\"text-editor.default\">\n\t\t\t\t<div class=\"elementor-widget-container\">\n\t\t\t\t\t\t\t\t\t<p class=\"translation-block\">The 10th International Herceg Novi Book Fair in Montenegro (2012) awarded <em> Rock and Roll in Yugoslavia 1956-1968 <\/em> with Book of the Year Award.<\/p>\n<p>He is elected Friend of the President of the Republic of Indonesia for 2013.<\/p>\n<p class=\"translation-block\">The National Archives of Indonesia awarded him in 2015 for \"outstanding contribution at the commitment of protection, preservation, research and publication of diplomatic relation archives\" published in the books <em> Yugoslavia - Indonesia 1945-1967 <\/em>, in Serbian and English languages.<\/p>\n<p>On 9th of July 2021 he was awarded by Tesla Global Forum with White Dove Award in Matica srpska in Novi Sad for major contribution to Serbian culture.<\/p>\n<p>On the occasion of the 80th anniversary of its founding, the Red Star Football Club awarded a plaque to the Rakovi\u0107 family from Belgrade on April 4, 2025, for 80 years of loyalty and 70 years of membership in the Red Star Football Club. The plaque recipients are: Ilija Rakovi\u0107 (1927\u20132008), Prof. Dr Dejan Rakovi\u0107 (1951), Dr Aleksandar Rakovi\u0107 (1972) and Ilija Rakovi\u0107 (2017).<\/p>\t\t\t\t\t\t\t\t<\/div>\n\t\t\t\t<\/div>\n\t\t\t\t<div class=\"elementor-element elementor-element-c64ea79 elementor-widget elementor-widget-spacer\" data-id=\"c64ea79\" data-element_type=\"widget\" data-widget_type=\"spacer.default\">\n\t\t\t\t<div class=\"elementor-widget-container\">\n\t\t\t\t\t\t\t<div class=\"elementor-spacer\">\n\t\t\t<div class=\"elementor-spacer-inner\"><\/div>\n\t\t<\/div>\n\t\t\t\t\t\t<\/div>\n\t\t\t\t<\/div>\n\t\t\t\t\t<\/div>\n\t\t<\/div>\n\t\t\t\t\t<\/div>\n\t\t<\/section>\n\t\t\t\t<section class=\"elementor-section elementor-top-section elementor-element elementor-element-48387cd elementor-section-boxed elementor-section-height-default elementor-section-height-default\" data-id=\"48387cd\" data-element_type=\"section\">\n\t\t\t\t\t\t<div class=\"elementor-container elementor-column-gap-default\">\n\t\t\t\t\t<div class=\"elementor-column elementor-col-100 elementor-top-column elementor-element elementor-element-0574309\" data-id=\"0574309\" data-element_type=\"column\">\n\t\t\t<div class=\"elementor-widget-wrap elementor-element-populated\">\n\t\t\t\t\t\t<div class=\"elementor-element elementor-element-79d0e26 elementor-widget elementor-widget-heading\" data-id=\"79d0e26\" data-element_type=\"widget\" data-widget_type=\"heading.default\">\n\t\t\t\t<div class=\"elementor-widget-container\">\n\t\t\t\t\t<h4 class=\"elementor-heading-title elementor-size-default\">He is the editor of seven books of proceedings and thematic issues of journals:<\/h4>\t\t\t\t<\/div>\n\t\t\t\t<\/div>\n\t\t\t\t<div class=\"elementor-element elementor-element-e80dc32 elementor-widget elementor-widget-text-editor\" data-id=\"e80dc32\" data-element_type=\"widget\" data-widget_type=\"text-editor.default\">\n\t\t\t\t<div class=\"elementor-widget-container\">\n\t\t\t\t\t\t\t\t\t<h6>1. Law, Religion, Culture (Belgrade: Faculty of Orthodox Theology, Faculty of Law, Ministry of Religion and Diaspora, 2012) (with Vladimir \u0110uri\u0107) [in Serbian].<\/h6><h6>2. The Role of the Serbian Orthodox Church in the Preservation of Identity of Diaspora (Belgrade: Serbian Unity Congress, Ministry of Religion and Diaspora, Studenica Foundation, 2012) (with Slavka Dra\u0161kovi\u0107) [in Serbian].<\/h6><h6>3. Turkey, Regional Power? (Belgrade: Institute of European Studies, 2013) (with Mi\u0161a \u0110urkovi\u0107) [in Serbian].<\/h6><h6>4. Kultura: Journal for Theory and Sociology of Culture and Cultural Policy, Theme \u201eYugoslavia and Culture: Cultural Policy, Changes, Phenomena\u201c, No. 161 (Belgrade: The Center for Studies in Cultural Development, 2018) (with Tatomir Toroman) [in Serbian].<\/h6><h6>5. Gradac: Journal for Literature, Arts and Culture, double issue The Copts, No. 206-207 (\u010ca\u010dak: Cultural Center \u010ca\u010dak, Gradac Art Society, 2018) [in Serbian].<\/h6><h6>6. Interfaith Dialogue Serbia\u2013Indonesia (Belgrade: Office for Cooperation with Churches and Religious Communities of the Ministry of Justice of the Republic of Serbia, 2019) (with Jovana Rakovi\u0107) [in Serbian and English].<\/h6><h6>7. Serbian Identity (Belgrade: SKPD Prosvjeta, 2025) (with Milimir Mu\u010dibabi\u0107 and Milo\u0161 Kova\u010devi\u0107) [in Serbian].<\/h6><h6>Bibliography in English and Serbian, with works available for download, is on ORCID.<\/h6>\t\t\t\t\t\t\t\t<\/div>\n\t\t\t\t<\/div>\n\t\t\t\t\t<\/div>\n\t\t<\/div>\n\t\t\t\t\t<\/div>\n\t\t<\/section>\n\t\t\t\t<section class=\"elementor-section elementor-top-section elementor-element elementor-element-1b50101 elementor-section-boxed elementor-section-height-default elementor-section-height-default\" data-id=\"1b50101\" data-element_type=\"section\" data-settings=\"{&quot;background_background&quot;:&quot;classic&quot;}\">\n\t\t\t\t\t\t<div class=\"elementor-container elementor-column-gap-default\">\n\t\t\t\t\t<div class=\"elementor-column elementor-col-100 elementor-top-column elementor-element elementor-element-0fa780c\" data-id=\"0fa780c\" data-element_type=\"column\" data-settings=\"{&quot;background_background&quot;:&quot;classic&quot;}\">\n\t\t\t<div class=\"elementor-widget-wrap elementor-element-populated\">\n\t\t\t\t\t\t<div class=\"elementor-element elementor-element-9b89736 elementor-widget elementor-widget-spacer\" data-id=\"9b89736\" data-element_type=\"widget\" data-widget_type=\"spacer.default\">\n\t\t\t\t<div class=\"elementor-widget-container\">\n\t\t\t\t\t\t\t<div class=\"elementor-spacer\">\n\t\t\t<div class=\"elementor-spacer-inner\"><\/div>\n\t\t<\/div>\n\t\t\t\t\t\t<\/div>\n\t\t\t\t<\/div>\n\t\t\t\t<div class=\"elementor-element elementor-element-fd03faa elementor-widget elementor-widget-text-editor\" data-id=\"fd03faa\" data-element_type=\"widget\" data-widget_type=\"text-editor.default\">\n\t\t\t\t<div class=\"elementor-widget-container\">\n\t\t\t\t\t\t\t\t\t<p><strong>He published four popular editions:<\/strong><\/p><ol><li>He is the founder and editor of the Serb Land of Montenegro website (www.njegos.org) opened in 1998.<\/li><li>He is the editor of the Project Rastko Cetinje (www.rastko.rs\/rastko-cg), e-library of the Serb culture of Montenegro opened in 2000.<\/li><li>He edited the brochure Historical Self-Consciousness of Montenegrins (Nik\u0161i\u0107: Orthodox Youth Brotherhood of Saint Vasilije of Ostrog and Tvrdo\u0161, 2001) [in Serbian].<\/li><li>He edited the brochure Metropolitanate of Montenegro and the Littoral: Pillar and Stronghold of Orthodoxy (Nik\u0161i\u0107: Orthodox Youth Brotherhood of Saint Vasilije of Ostrog and Tvrdo\u0161, 2001) [in Serbian].<br \/>Brochures are published unsigned and identity of editor is herewidth confirmed.<\/li><\/ol>\t\t\t\t\t\t\t\t<\/div>\n\t\t\t\t<\/div>\n\t\t\t\t<div class=\"elementor-element elementor-element-6a85d51 elementor-widget elementor-widget-spacer\" data-id=\"6a85d51\" data-element_type=\"widget\" data-widget_type=\"spacer.default\">\n\t\t\t\t<div class=\"elementor-widget-container\">\n\t\t\t\t\t\t\t<div class=\"elementor-spacer\">\n\t\t\t<div class=\"elementor-spacer-inner\"><\/div>\n\t\t<\/div>\n\t\t\t\t\t\t<\/div>\n\t\t\t\t<\/div>\n\t\t\t\t\t<\/div>\n\t\t<\/div>\n\t\t\t\t\t<\/div>\n\t\t<\/section>\n\t\t\t\t<section class=\"elementor-section elementor-top-section elementor-element elementor-element-8c2a8f8 elementor-section-boxed elementor-section-height-default elementor-section-height-default\" data-id=\"8c2a8f8\" data-element_type=\"section\">\n\t\t\t\t\t\t<div class=\"elementor-container elementor-column-gap-default\">\n\t\t\t\t\t<div class=\"elementor-column elementor-col-100 elementor-top-column elementor-element elementor-element-19ad7b7\" data-id=\"19ad7b7\" data-element_type=\"column\">\n\t\t\t<div class=\"elementor-widget-wrap elementor-element-populated\">\n\t\t\t\t\t\t<div class=\"elementor-element elementor-element-00ee772 elementor-widget elementor-widget-heading\" data-id=\"00ee772\" data-element_type=\"widget\" data-widget_type=\"heading.default\">\n\t\t\t\t<div class=\"elementor-widget-container\">\n\t\t\t\t\t<h4 class=\"elementor-heading-title elementor-size-default\">He is the coordinator of the interfaith relations of the Republic of Serbia:<\/h4>\t\t\t\t<\/div>\n\t\t\t\t<\/div>\n\t\t\t\t<div class=\"elementor-element elementor-element-8a757d2 elementor-widget elementor-widget-text-editor\" data-id=\"8a757d2\" data-element_type=\"widget\" data-widget_type=\"text-editor.default\">\n\t\t\t\t<div class=\"elementor-widget-container\">\n\t\t\t\t\t\t\t\t\t<h6>1. Coordinator of the Interreligious Council of the Ministry of Religion (2010-2012).<\/h6><h6>2. Coordinator and co-chairman of the First Interfaith Dialogue Serbia - Indonesia in Belgrade (2011).<\/h6><h6>3. Coordinator of the Interfaith Round Table of the University of Belgrade (2013).<\/h6><h6>4. Coordinator and co-chairman of the Second Interfaith Dialogue Serbia - Indonesia in Jakarta (2013).<\/h6><h6>5. Chairman of the Third Interfaith Dialogue Serbia - Indonesia in Belgrade (2015).<\/h6>\t\t\t\t\t\t\t\t<\/div>\n\t\t\t\t<\/div>\n\t\t\t\t\t<\/div>\n\t\t<\/div>\n\t\t\t\t\t<\/div>\n\t\t<\/section>\n\t\t\t\t<section class=\"elementor-section elementor-top-section elementor-element elementor-element-dc4f7a2 elementor-section-boxed elementor-section-height-default elementor-section-height-default\" data-id=\"dc4f7a2\" data-element_type=\"section\" data-settings=\"{&quot;background_background&quot;:&quot;classic&quot;}\">\n\t\t\t\t\t\t<div class=\"elementor-container elementor-column-gap-default\">\n\t\t\t\t\t<div class=\"elementor-column elementor-col-50 elementor-top-column elementor-element elementor-element-add7ee8\" data-id=\"add7ee8\" data-element_type=\"column\">\n\t\t\t<div class=\"elementor-widget-wrap elementor-element-populated\">\n\t\t\t\t\t\t<div class=\"elementor-element elementor-element-72cae3a elementor-widget elementor-widget-text-editor\" data-id=\"72cae3a\" data-element_type=\"widget\" data-widget_type=\"text-editor.default\">\n\t\t\t\t<div class=\"elementor-widget-container\">\n\t\t\t\t\t\t\t\t\t<p>In the period 2001 \u2013 2003, he was an adviser in the Federal Ministry of Religion and the Federal Secretariat of Religion. From February 2005 to January 2008 he was the Head of the Information and Documentation Centre of the Faculty of Orthodox Theology in Belgrade. From February 2008 to September 2008 he was the Assistant Director of the National Archives of Serbia. Since September 2008 to February 2012 he has been the Senior Adviser at the Ministry of Religion of the Republic of Serbia. On behalf of the Republic of Serbia he submitted five papers and spoke at four annual meetings of the OSCE on human rights and religious freedom: in Warsaw (2009 and 2011) and Vienna (2010 and 2011).<\/p>\t\t\t\t\t\t\t\t<\/div>\n\t\t\t\t<\/div>\n\t\t\t\t\t<\/div>\n\t\t<\/div>\n\t\t\t\t<div class=\"elementor-column elementor-col-50 elementor-top-column elementor-element elementor-element-bcfb547\" data-id=\"bcfb547\" data-element_type=\"column\">\n\t\t\t<div class=\"elementor-widget-wrap elementor-element-populated\">\n\t\t\t\t\t\t<div class=\"elementor-element elementor-element-6c403d2 elementor-widget elementor-widget-text-editor\" data-id=\"6c403d2\" data-element_type=\"widget\" data-widget_type=\"text-editor.default\">\n\t\t\t\t<div class=\"elementor-widget-container\">\n\t\t\t\t\t\t\t\t\t<p class=\"translation-block\">He is the expert to <a style=\"color: white\" href=\"https:\/\/ru.valdaiclub.com\/about\/experts\/26280\/\" target=\"_blank\" rel=\"noopener\">Valdai Discussion Club<\/a>. From 27 January 2012 to 19 April 2024 he was the Chairman of the Serbian-Indonesian Society of Friendship Nusantara. From 19 April 2024 he is the adviser to the Chairman of the Serbian-Indonesian Society of Friendship Nusantara. He is a member of the Commission for Museum and Archives of the Red Star Belgrade Football Club. He is married to Jovana. He is a father of two children, daughter Tamara and son Ilija. He is a Serb and Orthodox Christian.<\/p>\t\t\t\t\t\t\t\t<\/div>\n\t\t\t\t<\/div>\n\t\t\t\t<div class=\"elementor-element elementor-element-0e68514 elementor-widget elementor-widget-spacer\" data-id=\"0e68514\" data-element_type=\"widget\" data-widget_type=\"spacer.default\">\n\t\t\t\t<div class=\"elementor-widget-container\">\n\t\t\t\t\t\t\t<div class=\"elementor-spacer\">\n\t\t\t<div class=\"elementor-spacer-inner\"><\/div>\n\t\t<\/div>\n\t\t\t\t\t\t<\/div>\n\t\t\t\t<\/div>\n\t\t\t\t\t<\/div>\n\t\t<\/div>\n\t\t\t\t\t<\/div>\n\t\t<\/section>\n\t\t\t\t<\/div>","protected":false},"excerpt":{"rendered":"<p>\u0410\u041b\u0415\u041a\u0421\u0410\u041d\u0414\u0410\u0420 \u0420\u0410\u041a\u041e\u0412\u0418\u040b \u0421\u0410\u0417\u041d\u0410\u0408\u0422\u0415 \u0412\u0418\u0428\u0415 \u0424\u043e\u0442\u043e: \u0423\u041d\u0421 rakovic.rs | \u0440\u0430\u043a\u043e\u0432\u0438\u045b.\u0441\u0440\u0431 \u0411\u0418\u041e\u0413\u0420\u0410\u0424\u0418\u0408\u0410 \u0410\u043b\u0435\u043a\u0441\u0430\u043d\u0434\u0430\u0440 \u0420\u0430\u043a\u043e\u0432\u0438\u045b (\u0411\u0435\u043e\u0433\u0440\u0430\u0434, 1972) \u0458\u0435 \u0434\u0438\u043f\u043b\u043e\u043c\u0438\u0440\u0430\u043e, \u043c\u0430\u0433\u0438\u0441\u0442\u0440\u0438\u0440\u0430\u043e \u0438 \u0434\u043e\u043a\u0442\u043e\u0440\u0438\u0440\u0430\u043e \u0438\u0441\u0442\u043e\u0440\u0438\u0458\u0443 \u043d\u0430 \u0424\u0438\u043b\u043e\u0437\u043e\u0444\u0441\u043a\u043e\u043c \u0444\u0430\u043a\u0443\u043b\u0442\u0435\u0442\u0443 \u0443 \u0411\u0435\u043e\u0433\u0440\u0430\u0434\u0443. \u041c\u0430\u0433\u0438\u0441\u0442\u0430\u0440\u0441\u043a\u0443 \u0442\u0435\u0437\u0443\u00a0\u0408\u0443\u0433\u043e\u0441\u043b\u043e\u0432\u0435\u043d\u0441\u043a\u0430 \u0458\u0430\u0432\u043d\u043e\u0441\u0442 \u0438 \u0418\u0440\u0441\u043a\u0430 \u0440\u0435\u0432\u043e\u043b\u0443\u0446\u0438\u0458\u0430 1916-1923.\u00a0\u043e\u0434\u0431\u0440\u0430\u043d\u0438\u043e \u0458\u0435 10. \u0458\u0443\u043b\u0430 2007. \u043d\u0430 \u041a\u0430\u0442\u0435\u0434\u0440\u0438 \u0437\u0430 \u0438\u0441\u0442\u043e\u0440\u0438\u0458\u0443 \u0408\u0443\u0433\u043e\u0441\u043b\u0430\u0432\u0438\u0458\u0435. \u0414\u043e\u043a\u0442\u043e\u0440\u0441\u043a\u0443 \u0434\u0438\u0441\u0435\u0440\u0442\u0430\u0446\u0438\u0458\u0443\u00a0\u0420\u043e\u043a\u0435\u043d\u0440\u043e\u043b \u0443 \u0408\u0443\u0433\u043e\u0441\u043b\u0430\u0432\u0438\u0458\u0438 1956-1968. \u0418\u0437\u0430\u0437\u043e\u0432 \u0441\u043e\u0446\u0438\u0458\u0430\u043b\u0438\u0441\u0442\u0438\u0447\u043a\u043e\u043c \u0434\u0440\u0443\u0448\u0442\u0432\u0443\u00a0\u043e\u0434\u0431\u0440\u0430\u043d\u0438\u043e \u0458\u0435 18. \u0458\u0430\u043d\u0443\u0430\u0440\u0430 2011. \u0442\u0430\u043a\u043e\u0452\u0435 \u043d\u0430 &hellip;<\/p>\n<p class=\"read-more\"> <a class=\"\" href=\"https:\/\/rakovic.rs\/en\/\"> <span class=\"screen-reader-text\">Home<\/span> Read More &raquo;<\/a><\/p>","protected":false},"author":1,"featured_media":0,"parent":0,"menu_order":0,"comment_status":"closed","ping_status":"closed","template":"","meta":{"site-sidebar-layout":"no-sidebar","site-content-layout":"page-builder","ast-global-header-display":"","ast-main-header-display":"","ast-hfb-above-header-display":"","ast-hfb-below-header-display":"","ast-hfb-mobile-header-display":"","site-post-title":"disabled","ast-breadcrumbs-content":"disabled","ast-featured-img":"disabled","footer-sml-layout":"","theme-transparent-header-meta":"enabled","adv-header-id-meta":"","stick-header-meta":"","header-above-stick-meta":"","header-main-stick-meta":"","header-below-stick-meta":"","footnotes":""},"class_list":["post-19","page","type-page","status-publish","hentry"],"_links":{"self":[{"href":"https:\/\/rakovic.rs\/en\/wp-json\/wp\/v2\/pages\/19","targetHints":{"allow":["GET"]}}],"collection":[{"href":"https:\/\/rakovic.rs\/en\/wp-json\/wp\/v2\/pages"}],"about":[{"href":"https:\/\/rakovic.rs\/en\/wp-json\/wp\/v2\/types\/page"}],"author":[{"embeddable":true,"href":"https:\/\/rakovic.rs\/en\/wp-json\/wp\/v2\/users\/1"}],"replies":[{"embeddable":true,"href":"https:\/\/rakovic.rs\/en\/wp-json\/wp\/v2\/comments?post=19"}],"version-history":[{"count":199,"href":"https:\/\/rakovic.rs\/en\/wp-json\/wp\/v2\/pages\/19\/revisions"}],"predecessor-version":[{"id":2440,"href":"https:\/\/rakovic.rs\/en\/wp-json\/wp\/v2\/pages\/19\/revisions\/2440"}],"wp:attachment":[{"href":"https:\/\/rakovic.rs\/en\/wp-json\/wp\/v2\/media?parent=19"}],"curies":[{"name":"wp","href":"https:\/\/api.w.org\/{rel}","templated":true}]}}